{"id":1473,"date":"2020-03-23T11:02:02","date_gmt":"2020-03-23T11:02:02","guid":{"rendered":"https:\/\/capovaticanospiaggia.it\/nachrichten\/"},"modified":"2025-04-13T22:11:25","modified_gmt":"2025-04-13T22:11:25","slug":"nachrichten","status":"publish","type":"page","link":"https:\/\/capovaticanospiaggia.it\/de\/nachrichten\/","title":{"rendered":"Nachrichten"},"content":{"rendered":"<div class=\"fusion-fullwidth fullwidth-box fusion-builder-row-1 nonhundred-percent-fullwidth non-hundred-percent-height-scrolling\" style=\"--awb-border-radius-top-left:0px;--awb-border-radius-top-right:0px;--awb-border-radius-bottom-right:0px;--awb-border-radius-bottom-left:0px;--awb-flex-wrap:wrap;\" ><div class=\"fusion-builder-row fusion-row\"><div class=\"fusion-layout-column fusion_builder_column fusion-builder-column-0 fusion_builder_column_1_1 1_1 fusion-one-full fusion-column-first fusion-column-last\" style=\"--awb-bg-size:cover;\"><div class=\"fusion-column-wrapper fusion-column-has-shadow fusion-flex-column-wrapper-legacy\"><div class=\"fusion-blog-shortcode fusion-blog-shortcode-1 fusion-blog-archive fusion-blog-layout-grid-wrapper fusion-blog-no\"><style type=\"text\/css\">.fusion-blog-shortcode-1 .fusion-blog-layout-grid .fusion-post-grid{padding:15px;}.fusion-blog-shortcode-1 .fusion-posts-container{margin-left: -15px !important; margin-right:-15px !important;}<\/style><div class=\"fusion-posts-container fusion-posts-container-no fusion-blog-rollover fusion-blog-layout-grid fusion-blog-layout-grid-3 isotope fusion-blog-equal-heights\" data-pages=\"0\" data-grid-col-space=\"30\" style=\"margin: -15px -15px 0;min-height:500px;\"><article id=\"blog-1-post-3337\" class=\"fusion-post-grid post-3337 post type-post status-publish format-standard has-post-thumbnail hentry category-nachrichten\">\n<div class=\"fusion-post-wrapper\" style=\"background-color:rgba(255,255,255,0);border:1px solid #ebeaea;border-bottom-width:3px;\">\n\n\t\t\t<div class=\"fusion-flexslider flexslider fusion-flexslider-loading fusion-post-slideshow\" style=\"border-color:#ebeaea;\">\n\t\t<ul class=\"slides\">\n\t\t\t\n\t\t\t\t\t\t\t\t\t\t\t\t\t\t<li><div  class=\"fusion-image-wrapper\" aria-haspopup=\"true\">\n\t\t\t\t<img decoding=\"async\" width=\"800\" height=\"600\" src=\"https:\/\/capovaticanospiaggia.it\/wp-content\/uploads\/2025\/04\/Cosa-vedere-a-Capo-Vaticano-Isola-di-Tropea.jpg\" class=\"attachment-full size-full lazyload wp-post-image\" alt=\"Cosa vedere a Capo Vaticano\" srcset=\"data:image\/svg+xml,%3Csvg%20xmlns%3D%27http%3A%2F%2Fwww.w3.org%2F2000%2Fsvg%27%20width%3D%27800%27%20height%3D%27600%27%20viewBox%3D%270%200%20800%20600%27%3E%3Crect%20width%3D%27800%27%20height%3D%27600%27%20fill-opacity%3D%220%22%2F%3E%3C%2Fsvg%3E\" data-orig-src=\"https:\/\/capovaticanospiaggia.it\/wp-content\/uploads\/2025\/04\/Cosa-vedere-a-Capo-Vaticano-Isola-di-Tropea.jpg\" data-srcset=\"https:\/\/capovaticanospiaggia.it\/wp-content\/uploads\/2025\/04\/Cosa-vedere-a-Capo-Vaticano-Isola-di-Tropea-200x150.jpg 200w, https:\/\/capovaticanospiaggia.it\/wp-content\/uploads\/2025\/04\/Cosa-vedere-a-Capo-Vaticano-Isola-di-Tropea-400x300.jpg 400w, https:\/\/capovaticanospiaggia.it\/wp-content\/uploads\/2025\/04\/Cosa-vedere-a-Capo-Vaticano-Isola-di-Tropea-600x450.jpg 600w, https:\/\/capovaticanospiaggia.it\/wp-content\/uploads\/2025\/04\/Cosa-vedere-a-Capo-Vaticano-Isola-di-Tropea.jpg 800w\" data-sizes=\"auto\" \/><div class=\"fusion-rollover\">\n\t<div class=\"fusion-rollover-content\">\n\n\t\t\t\t\t\t\t\t\t\t\t\t\t\t<a class=\"fusion-rollover-link\" href=\"https:\/\/capovaticanospiaggia.it\/de\/was-gibt-es-zu-sehen-und-zu-unternehmen-in-und-um-capo-vaticano-tropea\/\">Was gibt es zu sehen und zu unternehmen in und um Capo Vaticano &#8211; Tropea<\/a>\n\t\t\t\n\t\t\t\t\t\t\t\t\n\t\t\n\t\t\t\t\t\t\t\t\t\t\t\t<h4 class=\"fusion-rollover-title\">\n\t\t\t\t\t<a class=\"fusion-rollover-title-link\" href=\"https:\/\/capovaticanospiaggia.it\/de\/was-gibt-es-zu-sehen-und-zu-unternehmen-in-und-um-capo-vaticano-tropea\/\">\n\t\t\t\t\t\tWas gibt es zu sehen und zu unternehmen in und um Capo Vaticano &#8211; Tropea\t\t\t\t\t<\/a>\n\t\t\t\t<\/h4>\n\t\t\t\n\t\t\t\t\t\t\t\t\n\t\t\n\t\t\t\t\t\t<a class=\"fusion-link-wrapper\" href=\"https:\/\/capovaticanospiaggia.it\/de\/was-gibt-es-zu-sehen-und-zu-unternehmen-in-und-um-capo-vaticano-tropea\/\" aria-label=\"Was gibt es zu sehen und zu unternehmen in und um Capo Vaticano &#8211; Tropea\"><\/a>\n\t<\/div>\n<\/div>\n<\/div>\n<\/li>\n\t\t\t\n\t\t\t\n\t\t\t\t\t\t\t\t\t\t\t\t\t\t\t\t\t\t\t\t\t\t\t\t\t\t\t\t\t\t\t\t\t\t\t\t\t\t\t\t\t\t\t\t\t\t\t\t\t\t\t\t\t\t\t\t\t\t\t\t\t\t\t\t\t\t\t\t<\/ul>\n\t<\/div>\n\t<div class=\"fusion-post-content-wrapper\" style=\"padding:30px 25px 20px 25px;\"><div class=\"fusion-post-content post-content\"><h2 class=\"blog-shortcode-post-title entry-title\">Was gibt es zu sehen und zu unternehmen in und um Capo Vaticano &#8211; Tropea<\/h2><p class=\"fusion-single-line-meta\"><span class=\"vcard\" style=\"display: none;\"><span class=\"fn\"><a href=\"https:\/\/capovaticanospiaggia.it\/de\/author\/admin\/\" title=\"Beitr\u00e4ge von admin\" rel=\"author\">admin<\/a><\/span><\/span><span class=\"updated\" style=\"display:none;\">2025-04-13T17:20:57+00:00<\/span><span>April 4th, 2025<\/span><span class=\"fusion-inline-sep\">|<\/span><\/p><div class=\"fusion-content-sep sep-double sep-solid\"><\/div><div class=\"fusion-post-content-container\"><p>Was gibt es in Capo Vaticano und Tropea zu sehen und zu erleben? Die Aktivit\u00e4ten, die Sie unbedingt sehen m\u00fcssen, um Ihren Urlaub in Capo Vaticano und Tropea in vollen Z\u00fcgen zu genie\u00dfen!<\/p><\/div><\/div><\/div><div class=\"fusion-clearfix\"><\/div><\/div>\n<\/article>\n<article id=\"blog-1-post-3239\" class=\"fusion-post-grid post-3239 post type-post status-publish format-standard has-post-thumbnail hentry category-unkategorisiert\">\n<div class=\"fusion-post-wrapper\" style=\"background-color:rgba(255,255,255,0);border:1px solid #ebeaea;border-bottom-width:3px;\">\n\n\t\t\t<div class=\"fusion-flexslider flexslider fusion-flexslider-loading fusion-post-slideshow\" style=\"border-color:#ebeaea;\">\n\t\t<ul class=\"slides\">\n\t\t\t\n\t\t\t\t\t\t\t\t\t\t\t\t\t\t<li><div  class=\"fusion-image-wrapper\" aria-haspopup=\"true\">\n\t\t\t\t<img decoding=\"async\" width=\"1024\" height=\"576\" src=\"https:\/\/capovaticanospiaggia.it\/wp-content\/uploads\/2024\/03\/Foto45.jpg\" class=\"attachment-full size-full lazyload wp-post-image\" alt=\"Escursione in gommone Capo Vaticano Tropea\" srcset=\"data:image\/svg+xml,%3Csvg%20xmlns%3D%27http%3A%2F%2Fwww.w3.org%2F2000%2Fsvg%27%20width%3D%271024%27%20height%3D%27576%27%20viewBox%3D%270%200%201024%20576%27%3E%3Crect%20width%3D%271024%27%20height%3D%27576%27%20fill-opacity%3D%220%22%2F%3E%3C%2Fsvg%3E\" data-orig-src=\"https:\/\/capovaticanospiaggia.it\/wp-content\/uploads\/2024\/03\/Foto45.jpg\" data-srcset=\"https:\/\/capovaticanospiaggia.it\/wp-content\/uploads\/2024\/03\/Foto45-200x113.jpg 200w, https:\/\/capovaticanospiaggia.it\/wp-content\/uploads\/2024\/03\/Foto45-400x225.jpg 400w, https:\/\/capovaticanospiaggia.it\/wp-content\/uploads\/2024\/03\/Foto45-600x338.jpg 600w, https:\/\/capovaticanospiaggia.it\/wp-content\/uploads\/2024\/03\/Foto45-800x450.jpg 800w, https:\/\/capovaticanospiaggia.it\/wp-content\/uploads\/2024\/03\/Foto45.jpg 1024w\" data-sizes=\"auto\" \/><div class=\"fusion-rollover\">\n\t<div class=\"fusion-rollover-content\">\n\n\t\t\t\t\t\t\t\t\t\t\t\t\t\t<a class=\"fusion-rollover-link\" href=\"https:\/\/capovaticanospiaggia.it\/de\/national-geographic-die-bucht-von-riaci-ist-italiens-schoenster-strand-zum-schnorcheln\/\">National Geographic: Die Bucht von Riaci ist Italiens sch\u00f6nster Strand zum Schnorcheln<\/a>\n\t\t\t\n\t\t\t\t\t\t\t\t\n\t\t\n\t\t\t\t\t\t\t\t\t\t\t\t<h4 class=\"fusion-rollover-title\">\n\t\t\t\t\t<a class=\"fusion-rollover-title-link\" href=\"https:\/\/capovaticanospiaggia.it\/de\/national-geographic-die-bucht-von-riaci-ist-italiens-schoenster-strand-zum-schnorcheln\/\">\n\t\t\t\t\t\tNational Geographic: Die Bucht von Riaci ist Italiens sch\u00f6nster Strand zum Schnorcheln\t\t\t\t\t<\/a>\n\t\t\t\t<\/h4>\n\t\t\t\n\t\t\t\t\t\t\t\t\n\t\t\n\t\t\t\t\t\t<a class=\"fusion-link-wrapper\" href=\"https:\/\/capovaticanospiaggia.it\/de\/national-geographic-die-bucht-von-riaci-ist-italiens-schoenster-strand-zum-schnorcheln\/\" aria-label=\"National Geographic: Die Bucht von Riaci ist Italiens sch\u00f6nster Strand zum Schnorcheln\"><\/a>\n\t<\/div>\n<\/div>\n<\/div>\n<\/li>\n\t\t\t\n\t\t\t\n\t\t\t\t\t\t\t\t\t\t\t\t\t\t\t\t\t\t\t\t\t\t\t\t\t\t\t\t\t\t\t\t\t\t\t\t\t\t\t\t\t\t\t\t\t\t\t\t\t\t\t\t\t\t\t\t\t\t\t\t\t\t\t\t\t\t\t\t<\/ul>\n\t<\/div>\n\t<div class=\"fusion-post-content-wrapper\" style=\"padding:30px 25px 20px 25px;\"><div class=\"fusion-post-content post-content\"><h2 class=\"blog-shortcode-post-title entry-title\">National Geographic: Die Bucht von Riaci ist Italiens sch\u00f6nster Strand zum Schnorcheln<\/h2><p class=\"fusion-single-line-meta\"><span class=\"vcard\" style=\"display: none;\"><span class=\"fn\"><a href=\"https:\/\/capovaticanospiaggia.it\/de\/author\/admin\/\" title=\"Beitr\u00e4ge von admin\" rel=\"author\">admin<\/a><\/span><\/span><span class=\"updated\" style=\"display:none;\">2024-03-14T13:50:08+00:00<\/span><span>M\u00e4rz 14th, 2024<\/span><span class=\"fusion-inline-sep\">|<\/span><\/p><div class=\"fusion-content-sep sep-double sep-solid\"><\/div><div class=\"fusion-post-content-container\"><p> Die wundersch\u00f6ne Riaci-Bucht wurde von National Geographic zum besten Schnorchelstrand Italiens gek\u00fcrt. Die Gr\u00fcnde? Ruhiges, kristallklares Wasser: Das Wasser in der [...]<\/p><\/div><\/div><\/div><div class=\"fusion-clearfix\"><\/div><\/div>\n<\/article>\n<article id=\"blog-1-post-1540\" class=\"fusion-post-grid post-1540 post type-post status-publish format-standard has-post-thumbnail hentry category-capo-vaticano-strande\">\n<div class=\"fusion-post-wrapper\" style=\"background-color:rgba(255,255,255,0);border:1px solid #ebeaea;border-bottom-width:3px;\">\n\n\t\t\t<div class=\"fusion-flexslider flexslider fusion-flexslider-loading fusion-post-slideshow\" style=\"border-color:#ebeaea;\">\n\t\t<ul class=\"slides\">\n\t\t\t\n\t\t\t\t\t\t\t\t\t\t\t\t\t\t<li><div  class=\"fusion-image-wrapper\" aria-haspopup=\"true\">\n\t\t\t\t<img decoding=\"async\" width=\"701\" height=\"460\" src=\"https:\/\/capovaticanospiaggia.it\/wp-content\/uploads\/2020\/05\/Escursione-al-tramonto-Capo-Vaticano.jpg\" class=\"attachment-full size-full lazyload wp-post-image\" alt=\"\" srcset=\"data:image\/svg+xml,%3Csvg%20xmlns%3D%27http%3A%2F%2Fwww.w3.org%2F2000%2Fsvg%27%20width%3D%27701%27%20height%3D%27460%27%20viewBox%3D%270%200%20701%20460%27%3E%3Crect%20width%3D%27701%27%20height%3D%27460%27%20fill-opacity%3D%220%22%2F%3E%3C%2Fsvg%3E\" data-orig-src=\"https:\/\/capovaticanospiaggia.it\/wp-content\/uploads\/2020\/05\/Escursione-al-tramonto-Capo-Vaticano.jpg\" data-srcset=\"https:\/\/capovaticanospiaggia.it\/wp-content\/uploads\/2020\/05\/Escursione-al-tramonto-Capo-Vaticano-200x131.jpg 200w, https:\/\/capovaticanospiaggia.it\/wp-content\/uploads\/2020\/05\/Escursione-al-tramonto-Capo-Vaticano-400x262.jpg 400w, https:\/\/capovaticanospiaggia.it\/wp-content\/uploads\/2020\/05\/Escursione-al-tramonto-Capo-Vaticano-600x394.jpg 600w, https:\/\/capovaticanospiaggia.it\/wp-content\/uploads\/2020\/05\/Escursione-al-tramonto-Capo-Vaticano.jpg 701w\" data-sizes=\"auto\" \/><div class=\"fusion-rollover\">\n\t<div class=\"fusion-rollover-content\">\n\n\t\t\t\t\t\t\t\t\t\t\t\t\t\t<a class=\"fusion-rollover-link\" href=\"https:\/\/capovaticanospiaggia.it\/de\/was-man-in-capo-vaticano-unternehmen-kann\/\">Was man in Capo Vaticano unternehmen kann<\/a>\n\t\t\t\n\t\t\t\t\t\t\t\t\n\t\t\n\t\t\t\t\t\t\t\t\t\t\t\t<h4 class=\"fusion-rollover-title\">\n\t\t\t\t\t<a class=\"fusion-rollover-title-link\" href=\"https:\/\/capovaticanospiaggia.it\/de\/was-man-in-capo-vaticano-unternehmen-kann\/\">\n\t\t\t\t\t\tWas man in Capo Vaticano unternehmen kann\t\t\t\t\t<\/a>\n\t\t\t\t<\/h4>\n\t\t\t\n\t\t\t\t\t\t\t\t\n\t\t\n\t\t\t\t\t\t<a class=\"fusion-link-wrapper\" href=\"https:\/\/capovaticanospiaggia.it\/de\/was-man-in-capo-vaticano-unternehmen-kann\/\" aria-label=\"Was man in Capo Vaticano unternehmen kann\"><\/a>\n\t<\/div>\n<\/div>\n<\/div>\n<\/li>\n\t\t\t\n\t\t\t\n\t\t\t\t\t\t\t\t\t\t\t\t\t\t\t\t\t\t\t\t\t\t\t\t\t\t\t\t\t\t\t\t\t\t\t\t\t\t\t\t\t\t\t\t\t\t\t\t\t\t\t\t\t\t\t\t\t\t\t\t\t\t\t\t\t\t\t\t<\/ul>\n\t<\/div>\n\t<div class=\"fusion-post-content-wrapper\" style=\"padding:30px 25px 20px 25px;\"><div class=\"fusion-post-content post-content\"><h2 class=\"blog-shortcode-post-title entry-title\">Was man in Capo Vaticano unternehmen kann<\/h2><p class=\"fusion-single-line-meta\"><span class=\"vcard\" style=\"display: none;\"><span class=\"fn\"><a href=\"https:\/\/capovaticanospiaggia.it\/de\/author\/admin\/\" title=\"Beitr\u00e4ge von admin\" rel=\"author\">admin<\/a><\/span><\/span><span class=\"updated\" style=\"display:none;\">2024-02-26T19:40:50+00:00<\/span><span>Juli 19th, 2020<\/span><span class=\"fusion-inline-sep\">|<\/span><\/p><div class=\"fusion-content-sep sep-double sep-solid\"><\/div><div class=\"fusion-post-content-container\"><p> Sind Sie im Urlaub und fragen sich, was Sie in Capo Vaticano und Tropea unternehmen k\u00f6nnen? Das erste, was Sie auf [...]<\/p><\/div><\/div><\/div><div class=\"fusion-clearfix\"><\/div><\/div>\n<\/article>\n<article id=\"blog-1-post-1509\" class=\"fusion-post-grid post-1509 post type-post status-publish format-standard has-post-thumbnail hentry category-capo-vaticano-strande\">\n<div class=\"fusion-post-wrapper\" style=\"background-color:rgba(255,255,255,0);border:1px solid #ebeaea;border-bottom-width:3px;\">\n\n\t\t\t<div class=\"fusion-flexslider flexslider fusion-flexslider-loading fusion-post-slideshow\" style=\"border-color:#ebeaea;\">\n\t\t<ul class=\"slides\">\n\t\t\t\n\t\t\t\t\t\t\t\t\t\t\t\t\t\t<li><div  class=\"fusion-image-wrapper\" aria-haspopup=\"true\">\n\t\t\t\t<img decoding=\"async\" width=\"800\" height=\"600\" src=\"https:\/\/capovaticanospiaggia.it\/wp-content\/uploads\/2020\/05\/Video-drone-escursion-Capo-Vaticano.jpg\" class=\"attachment-full size-full lazyload wp-post-image\" alt=\"\" srcset=\"data:image\/svg+xml,%3Csvg%20xmlns%3D%27http%3A%2F%2Fwww.w3.org%2F2000%2Fsvg%27%20width%3D%27800%27%20height%3D%27600%27%20viewBox%3D%270%200%20800%20600%27%3E%3Crect%20width%3D%27800%27%20height%3D%27600%27%20fill-opacity%3D%220%22%2F%3E%3C%2Fsvg%3E\" data-orig-src=\"https:\/\/capovaticanospiaggia.it\/wp-content\/uploads\/2020\/05\/Video-drone-escursion-Capo-Vaticano.jpg\" data-srcset=\"https:\/\/capovaticanospiaggia.it\/wp-content\/uploads\/2020\/05\/Video-drone-escursion-Capo-Vaticano-200x150.jpg 200w, https:\/\/capovaticanospiaggia.it\/wp-content\/uploads\/2020\/05\/Video-drone-escursion-Capo-Vaticano-400x300.jpg 400w, https:\/\/capovaticanospiaggia.it\/wp-content\/uploads\/2020\/05\/Video-drone-escursion-Capo-Vaticano-600x450.jpg 600w, https:\/\/capovaticanospiaggia.it\/wp-content\/uploads\/2020\/05\/Video-drone-escursion-Capo-Vaticano.jpg 800w\" data-sizes=\"auto\" \/><div class=\"fusion-rollover\">\n\t<div class=\"fusion-rollover-content\">\n\n\t\t\t\t\t\t\t\t\t\t\t\t\t\t<a class=\"fusion-rollover-link\" href=\"https:\/\/capovaticanospiaggia.it\/de\/drohnenvideo-die-straende-von-capo-vaticano\/\">Drohnenvideo: die Str\u00e4nde von Capo Vaticano<\/a>\n\t\t\t\n\t\t\t\t\t\t\t\t\n\t\t\n\t\t\t\t\t\t\t\t\t\t\t\t<h4 class=\"fusion-rollover-title\">\n\t\t\t\t\t<a class=\"fusion-rollover-title-link\" href=\"https:\/\/capovaticanospiaggia.it\/de\/drohnenvideo-die-straende-von-capo-vaticano\/\">\n\t\t\t\t\t\tDrohnenvideo: die Str\u00e4nde von Capo Vaticano\t\t\t\t\t<\/a>\n\t\t\t\t<\/h4>\n\t\t\t\n\t\t\t\t\t\t\t\t\n\t\t\n\t\t\t\t\t\t<a class=\"fusion-link-wrapper\" href=\"https:\/\/capovaticanospiaggia.it\/de\/drohnenvideo-die-straende-von-capo-vaticano\/\" aria-label=\"Drohnenvideo: die Str\u00e4nde von Capo Vaticano\"><\/a>\n\t<\/div>\n<\/div>\n<\/div>\n<\/li>\n\t\t\t\n\t\t\t\n\t\t\t\t\t\t\t\t\t\t\t\t\t\t\t\t\t\t\t\t\t\t\t\t\t\t\t\t\t\t\t\t\t\t\t\t\t\t\t\t\t\t\t\t\t\t\t\t\t\t\t\t\t\t\t\t\t\t\t\t\t\t\t\t\t\t\t\t<\/ul>\n\t<\/div>\n\t<div class=\"fusion-post-content-wrapper\" style=\"padding:30px 25px 20px 25px;\"><div class=\"fusion-post-content post-content\"><h2 class=\"blog-shortcode-post-title entry-title\">Drohnenvideo: die Str\u00e4nde von Capo Vaticano<\/h2><p class=\"fusion-single-line-meta\"><span class=\"vcard\" style=\"display: none;\"><span class=\"fn\"><a href=\"https:\/\/capovaticanospiaggia.it\/de\/author\/admin\/\" title=\"Beitr\u00e4ge von admin\" rel=\"author\">admin<\/a><\/span><\/span><span class=\"updated\" style=\"display:none;\">2024-02-26T19:38:54+00:00<\/span><span>Mai 18th, 2020<\/span><span class=\"fusion-inline-sep\">|<\/span><\/p><div class=\"fusion-content-sep sep-double sep-solid\"><\/div><div class=\"fusion-post-content-container\"><p> Ein wundersch\u00f6nes Drohnenvideo des Fotografen Pasquale Preiti zeigt uns die Str\u00e4nde und das unglaubliche Meer von Capo Vaticano mit stimmungsvollen Bildern [...]<\/p><\/div><\/div><\/div><div class=\"fusion-clearfix\"><\/div><\/div>\n<\/article>\n<article id=\"blog-1-post-1514\" class=\"fusion-post-grid post-1514 post type-post status-publish format-standard has-post-thumbnail hentry category-capo-vaticano-strande\">\n<div class=\"fusion-post-wrapper\" style=\"background-color:rgba(255,255,255,0);border:1px solid #ebeaea;border-bottom-width:3px;\">\n\n\t\t\t<div class=\"fusion-flexslider flexslider fusion-flexslider-loading fusion-post-slideshow\" style=\"border-color:#ebeaea;\">\n\t\t<ul class=\"slides\">\n\t\t\t\n\t\t\t\t\t\t\t\t\t\t\t\t\t\t<li><div  class=\"fusion-image-wrapper\" aria-haspopup=\"true\">\n\t\t\t\t<img decoding=\"async\" width=\"800\" height=\"600\" src=\"https:\/\/capovaticanospiaggia.it\/wp-content\/uploads\/2020\/05\/Video-escursioni-Capo-Vaticano.jpg\" class=\"attachment-full size-full lazyload wp-post-image\" alt=\"\" srcset=\"data:image\/svg+xml,%3Csvg%20xmlns%3D%27http%3A%2F%2Fwww.w3.org%2F2000%2Fsvg%27%20width%3D%27800%27%20height%3D%27600%27%20viewBox%3D%270%200%20800%20600%27%3E%3Crect%20width%3D%27800%27%20height%3D%27600%27%20fill-opacity%3D%220%22%2F%3E%3C%2Fsvg%3E\" data-orig-src=\"https:\/\/capovaticanospiaggia.it\/wp-content\/uploads\/2020\/05\/Video-escursioni-Capo-Vaticano.jpg\" data-srcset=\"https:\/\/capovaticanospiaggia.it\/wp-content\/uploads\/2020\/05\/Video-escursioni-Capo-Vaticano-200x150.jpg 200w, https:\/\/capovaticanospiaggia.it\/wp-content\/uploads\/2020\/05\/Video-escursioni-Capo-Vaticano-400x300.jpg 400w, https:\/\/capovaticanospiaggia.it\/wp-content\/uploads\/2020\/05\/Video-escursioni-Capo-Vaticano-600x450.jpg 600w, https:\/\/capovaticanospiaggia.it\/wp-content\/uploads\/2020\/05\/Video-escursioni-Capo-Vaticano.jpg 800w\" data-sizes=\"auto\" \/><div class=\"fusion-rollover\">\n\t<div class=\"fusion-rollover-content\">\n\n\t\t\t\t\t\t\t\t\t\t\t\t\t\t<a class=\"fusion-rollover-link\" href=\"https:\/\/capovaticanospiaggia.it\/de\/video-ausfluege-capo-vaticano\/\">Video-Ausfl\u00fcge Capo Vaticano<\/a>\n\t\t\t\n\t\t\t\t\t\t\t\t\n\t\t\n\t\t\t\t\t\t\t\t\t\t\t\t<h4 class=\"fusion-rollover-title\">\n\t\t\t\t\t<a class=\"fusion-rollover-title-link\" href=\"https:\/\/capovaticanospiaggia.it\/de\/video-ausfluege-capo-vaticano\/\">\n\t\t\t\t\t\tVideo-Ausfl\u00fcge Capo Vaticano\t\t\t\t\t<\/a>\n\t\t\t\t<\/h4>\n\t\t\t\n\t\t\t\t\t\t\t\t\n\t\t\n\t\t\t\t\t\t<a class=\"fusion-link-wrapper\" href=\"https:\/\/capovaticanospiaggia.it\/de\/video-ausfluege-capo-vaticano\/\" aria-label=\"Video-Ausfl\u00fcge Capo Vaticano\"><\/a>\n\t<\/div>\n<\/div>\n<\/div>\n<\/li>\n\t\t\t\n\t\t\t\n\t\t\t\t\t\t\t\t\t\t\t\t\t\t\t\t\t\t\t\t\t\t\t\t\t\t\t\t\t\t\t\t\t\t\t\t\t\t\t\t\t\t\t\t\t\t\t\t\t\t\t\t\t\t\t\t\t\t\t\t\t\t\t\t\t\t\t\t<\/ul>\n\t<\/div>\n\t<div class=\"fusion-post-content-wrapper\" style=\"padding:30px 25px 20px 25px;\"><div class=\"fusion-post-content post-content\"><h2 class=\"blog-shortcode-post-title entry-title\">Video-Ausfl\u00fcge Capo Vaticano<\/h2><p class=\"fusion-single-line-meta\"><span class=\"vcard\" style=\"display: none;\"><span class=\"fn\"><a href=\"https:\/\/capovaticanospiaggia.it\/de\/author\/admin\/\" title=\"Beitr\u00e4ge von admin\" rel=\"author\">admin<\/a><\/span><\/span><span class=\"updated\" style=\"display:none;\">2024-02-26T19:38:55+00:00<\/span><span>Mai 6th, 2020<\/span><span class=\"fusion-inline-sep\">|<\/span><\/p><div class=\"fusion-content-sep sep-double sep-solid\"><\/div><div class=\"fusion-post-content-container\"><p> Das Video von unserem Ausflug Tour der sch\u00f6nsten Str\u00e4nde!        <\/p><\/div><\/div><\/div><div class=\"fusion-clearfix\"><\/div><\/div>\n<\/article>\n<article id=\"blog-1-post-1507\" class=\"fusion-post-grid post-1507 post type-post status-publish format-standard has-post-thumbnail hentry category-capo-vaticano-strande\">\n<div class=\"fusion-post-wrapper\" style=\"background-color:rgba(255,255,255,0);border:1px solid #ebeaea;border-bottom-width:3px;\">\n\n\t\t\t<div class=\"fusion-flexslider flexslider fusion-flexslider-loading fusion-post-slideshow\" style=\"border-color:#ebeaea;\">\n\t\t<ul class=\"slides\">\n\t\t\t\n\t\t\t\t\t\t\t\t\t\t\t\t\t\t<li><div  class=\"fusion-image-wrapper\" aria-haspopup=\"true\">\n\t\t\t\t<img decoding=\"async\" width=\"800\" height=\"600\" src=\"https:\/\/capovaticanospiaggia.it\/wp-content\/uploads\/2020\/05\/Spiaggia-Praia-I-Focu-Capo-Vaticano.jpg\" class=\"attachment-full size-full lazyload wp-post-image\" alt=\"\" srcset=\"data:image\/svg+xml,%3Csvg%20xmlns%3D%27http%3A%2F%2Fwww.w3.org%2F2000%2Fsvg%27%20width%3D%27800%27%20height%3D%27600%27%20viewBox%3D%270%200%20800%20600%27%3E%3Crect%20width%3D%27800%27%20height%3D%27600%27%20fill-opacity%3D%220%22%2F%3E%3C%2Fsvg%3E\" data-orig-src=\"https:\/\/capovaticanospiaggia.it\/wp-content\/uploads\/2020\/05\/Spiaggia-Praia-I-Focu-Capo-Vaticano.jpg\" data-srcset=\"https:\/\/capovaticanospiaggia.it\/wp-content\/uploads\/2020\/05\/Spiaggia-Praia-I-Focu-Capo-Vaticano-200x150.jpg 200w, https:\/\/capovaticanospiaggia.it\/wp-content\/uploads\/2020\/05\/Spiaggia-Praia-I-Focu-Capo-Vaticano-400x300.jpg 400w, https:\/\/capovaticanospiaggia.it\/wp-content\/uploads\/2020\/05\/Spiaggia-Praia-I-Focu-Capo-Vaticano-600x450.jpg 600w, https:\/\/capovaticanospiaggia.it\/wp-content\/uploads\/2020\/05\/Spiaggia-Praia-I-Focu-Capo-Vaticano.jpg 800w\" data-sizes=\"auto\" \/><div class=\"fusion-rollover\">\n\t<div class=\"fusion-rollover-content\">\n\n\t\t\t\t\t\t\t\t\t\t\t\t\t\t<a class=\"fusion-rollover-link\" href=\"https:\/\/capovaticanospiaggia.it\/de\/capo-vaticano-straende-praia-i-focu\/\">Capo Vaticano Str\u00e4nde: Praia i Focu<\/a>\n\t\t\t\n\t\t\t\t\t\t\t\t\n\t\t\n\t\t\t\t\t\t\t\t\t\t\t\t<h4 class=\"fusion-rollover-title\">\n\t\t\t\t\t<a class=\"fusion-rollover-title-link\" href=\"https:\/\/capovaticanospiaggia.it\/de\/capo-vaticano-straende-praia-i-focu\/\">\n\t\t\t\t\t\tCapo Vaticano Str\u00e4nde: Praia i Focu\t\t\t\t\t<\/a>\n\t\t\t\t<\/h4>\n\t\t\t\n\t\t\t\t\t\t\t\t\n\t\t\n\t\t\t\t\t\t<a class=\"fusion-link-wrapper\" href=\"https:\/\/capovaticanospiaggia.it\/de\/capo-vaticano-straende-praia-i-focu\/\" aria-label=\"Capo Vaticano Str\u00e4nde: Praia i Focu\"><\/a>\n\t<\/div>\n<\/div>\n<\/div>\n<\/li>\n\t\t\t\n\t\t\t\n\t\t\t\t\t\t\t\t\t\t\t\t\t\t\t\t\t\t\t\t\t\t\t\t\t\t\t\t\t\t\t\t\t\t\t\t\t\t\t\t\t\t\t\t\t\t\t\t\t\t\t\t\t\t\t\t\t\t\t\t\t\t\t\t\t\t\t\t<\/ul>\n\t<\/div>\n\t<div class=\"fusion-post-content-wrapper\" style=\"padding:30px 25px 20px 25px;\"><div class=\"fusion-post-content post-content\"><h2 class=\"blog-shortcode-post-title entry-title\">Capo Vaticano Str\u00e4nde: Praia i Focu<\/h2><p class=\"fusion-single-line-meta\"><span class=\"vcard\" style=\"display: none;\"><span class=\"fn\"><a href=\"https:\/\/capovaticanospiaggia.it\/de\/author\/admin\/\" title=\"Beitr\u00e4ge von admin\" rel=\"author\">admin<\/a><\/span><\/span><span class=\"updated\" style=\"display:none;\">2025-04-13T17:32:13+00:00<\/span><span>Mai 6th, 2020<\/span><span class=\"fusion-inline-sep\">|<\/span><\/p><div class=\"fusion-content-sep sep-double sep-solid\"><\/div><div class=\"fusion-post-content-container\"><p>Praia i Focu, Capo Vaticano: F\u00fchrer zum geheimen Strand der Costa degli Dei<\/p><\/div><\/div><\/div><div class=\"fusion-clearfix\"><\/div><\/div>\n<\/article>\n<article id=\"blog-1-post-1510\" class=\"fusion-post-grid post-1510 post type-post status-publish format-standard has-post-thumbnail hentry category-capo-vaticano-strande\">\n<div class=\"fusion-post-wrapper\" style=\"background-color:rgba(255,255,255,0);border:1px solid #ebeaea;border-bottom-width:3px;\">\n\n\t\t\t<div class=\"fusion-flexslider flexslider fusion-flexslider-loading fusion-post-slideshow\" style=\"border-color:#ebeaea;\">\n\t\t<ul class=\"slides\">\n\t\t\t\n\t\t\t\t\t\t\t\t\t\t\t\t\t\t<li><div  class=\"fusion-image-wrapper\" aria-haspopup=\"true\">\n\t\t\t\t<img decoding=\"async\" width=\"800\" height=\"600\" src=\"https:\/\/capovaticanospiaggia.it\/wp-content\/uploads\/2020\/05\/Spiaggia-Grotticelle-Capo-Vaticano.jpg\" class=\"attachment-full size-full lazyload wp-post-image\" alt=\"\" srcset=\"data:image\/svg+xml,%3Csvg%20xmlns%3D%27http%3A%2F%2Fwww.w3.org%2F2000%2Fsvg%27%20width%3D%27800%27%20height%3D%27600%27%20viewBox%3D%270%200%20800%20600%27%3E%3Crect%20width%3D%27800%27%20height%3D%27600%27%20fill-opacity%3D%220%22%2F%3E%3C%2Fsvg%3E\" data-orig-src=\"https:\/\/capovaticanospiaggia.it\/wp-content\/uploads\/2020\/05\/Spiaggia-Grotticelle-Capo-Vaticano.jpg\" data-srcset=\"https:\/\/capovaticanospiaggia.it\/wp-content\/uploads\/2020\/05\/Spiaggia-Grotticelle-Capo-Vaticano-200x150.jpg 200w, https:\/\/capovaticanospiaggia.it\/wp-content\/uploads\/2020\/05\/Spiaggia-Grotticelle-Capo-Vaticano-400x300.jpg 400w, https:\/\/capovaticanospiaggia.it\/wp-content\/uploads\/2020\/05\/Spiaggia-Grotticelle-Capo-Vaticano-600x450.jpg 600w, https:\/\/capovaticanospiaggia.it\/wp-content\/uploads\/2020\/05\/Spiaggia-Grotticelle-Capo-Vaticano.jpg 800w\" data-sizes=\"auto\" \/><div class=\"fusion-rollover\">\n\t<div class=\"fusion-rollover-content\">\n\n\t\t\t\t\t\t\t\t\t\t\t\t\t\t<a class=\"fusion-rollover-link\" href=\"https:\/\/capovaticanospiaggia.it\/de\/capo-vaticano-straende-grotticelle-strand\/\">Capo Vaticano Str\u00e4nde: Grotticelle Strand<\/a>\n\t\t\t\n\t\t\t\t\t\t\t\t\n\t\t\n\t\t\t\t\t\t\t\t\t\t\t\t<h4 class=\"fusion-rollover-title\">\n\t\t\t\t\t<a class=\"fusion-rollover-title-link\" href=\"https:\/\/capovaticanospiaggia.it\/de\/capo-vaticano-straende-grotticelle-strand\/\">\n\t\t\t\t\t\tCapo Vaticano Str\u00e4nde: Grotticelle Strand\t\t\t\t\t<\/a>\n\t\t\t\t<\/h4>\n\t\t\t\n\t\t\t\t\t\t\t\t\n\t\t\n\t\t\t\t\t\t<a class=\"fusion-link-wrapper\" href=\"https:\/\/capovaticanospiaggia.it\/de\/capo-vaticano-straende-grotticelle-strand\/\" aria-label=\"Capo Vaticano Str\u00e4nde: Grotticelle Strand\"><\/a>\n\t<\/div>\n<\/div>\n<\/div>\n<\/li>\n\t\t\t\n\t\t\t\n\t\t\t\t\t\t\t\t\t\t\t\t\t\t\t\t\t\t\t\t\t\t\t\t\t\t\t\t\t\t\t\t\t\t\t\t\t\t\t\t\t\t\t\t\t\t\t\t\t\t\t\t\t\t\t\t\t\t\t\t\t\t\t\t\t\t\t\t<\/ul>\n\t<\/div>\n\t<div class=\"fusion-post-content-wrapper\" style=\"padding:30px 25px 20px 25px;\"><div class=\"fusion-post-content post-content\"><h2 class=\"blog-shortcode-post-title entry-title\">Capo Vaticano Str\u00e4nde: Grotticelle Strand<\/h2><p class=\"fusion-single-line-meta\"><span class=\"vcard\" style=\"display: none;\"><span class=\"fn\"><a href=\"https:\/\/capovaticanospiaggia.it\/de\/author\/admin\/\" title=\"Beitr\u00e4ge von admin\" rel=\"author\">admin<\/a><\/span><\/span><span class=\"updated\" style=\"display:none;\">2024-02-26T19:38:54+00:00<\/span><span>Mai 6th, 2020<\/span><span class=\"fusion-inline-sep\">|<\/span><\/p><div class=\"fusion-content-sep sep-double sep-solid\"><\/div><div class=\"fusion-post-content-container\"><p> Ein weiterer sch\u00f6ner Halt auf unserer Tour zu den Str\u00e4nden von Capo Vaticano ist der Strand von Grotticelle. Ein wundersch\u00f6ner Strand, [...]<\/p><\/div><\/div><\/div><div class=\"fusion-clearfix\"><\/div><\/div>\n<\/article>\n<div class=\"fusion-clearfix\"><\/div><\/div><\/div><div class=\"fusion-clearfix\"><\/div><\/div><\/div><\/div><\/div>\n","protected":false},"excerpt":{"rendered":"","protected":false},"author":1,"featured_media":0,"parent":0,"menu_order":0,"comment_status":"closed","ping_status":"closed","template":"","meta":{"footnotes":""},"class_list":["post-1473","page","type-page","status-publish","hentry"],"yoast_head":"<!-- This site is optimized with the Yoast SEO plugin v27.1.1 - https:\/\/yoast.com\/product\/yoast-seo-wordpress\/ -->\n<title>Nachrichten - Capo Vaticano spiaggia - le escursioni pi&ugrave; belle a Capo Vaticano<\/title>\n<meta name=\"robots\" content=\"index, follow, max-snippet:-1, max-image-preview:large, max-video-preview:-1\" \/>\n<link rel=\"canonical\" href=\"https:\/\/capovaticanospiaggia.it\/de\/nachrichten\/\" \/>\n<meta property=\"og:locale\" content=\"de_DE\" \/>\n<meta property=\"og:type\" content=\"article\" \/>\n<meta property=\"og:title\" content=\"Nachrichten - Capo Vaticano spiaggia - le escursioni pi&ugrave; belle a Capo Vaticano\" \/>\n<meta property=\"og:url\" content=\"https:\/\/capovaticanospiaggia.it\/de\/nachrichten\/\" \/>\n<meta property=\"og:site_name\" content=\"Capo Vaticano spiaggia - le escursioni pi&ugrave; belle a Capo Vaticano\" \/>\n<meta property=\"article:publisher\" content=\"https:\/\/www.facebook.com\/mondobludivingcenter\/\" \/>\n<meta property=\"article:modified_time\" content=\"2025-04-13T22:11:25+00:00\" \/>\n<meta name=\"twitter:card\" content=\"summary_large_image\" \/>\n<meta name=\"twitter:label1\" content=\"Gesch\u00e4tzte Lesezeit\" \/>\n\t<meta name=\"twitter:data1\" content=\"3\u00a0Minuten\" \/>\n<script type=\"application\/ld+json\" class=\"yoast-schema-graph\">{\"@context\":\"https:\/\/schema.org\",\"@graph\":[{\"@type\":\"WebPage\",\"@id\":\"https:\/\/capovaticanospiaggia.it\/de\/nachrichten\/\",\"url\":\"https:\/\/capovaticanospiaggia.it\/de\/nachrichten\/\",\"name\":\"Nachrichten - Capo Vaticano spiaggia - le escursioni pi&ugrave; belle a Capo Vaticano\",\"isPartOf\":{\"@id\":\"https:\/\/capovaticanospiaggia.it\/de\/#website\"},\"datePublished\":\"2020-03-23T11:02:02+00:00\",\"dateModified\":\"2025-04-13T22:11:25+00:00\",\"inLanguage\":\"de\",\"potentialAction\":[{\"@type\":\"ReadAction\",\"target\":[\"https:\/\/capovaticanospiaggia.it\/de\/nachrichten\/\"]}]},{\"@type\":\"WebSite\",\"@id\":\"https:\/\/capovaticanospiaggia.it\/de\/#website\",\"url\":\"https:\/\/capovaticanospiaggia.it\/de\/\",\"name\":\"Capo Vaticano spiaggia - le escursioni pi\u00f9 belle a Capo Vaticano\",\"description\":\"Le spiagge e le escursioni pi\u00f9 belle a Capo Vaticano\",\"publisher\":{\"@id\":\"https:\/\/capovaticanospiaggia.it\/de\/#organization\"},\"potentialAction\":[{\"@type\":\"SearchAction\",\"target\":{\"@type\":\"EntryPoint\",\"urlTemplate\":\"https:\/\/capovaticanospiaggia.it\/de\/?s={search_term_string}\"},\"query-input\":{\"@type\":\"PropertyValueSpecification\",\"valueRequired\":true,\"valueName\":\"search_term_string\"}}],\"inLanguage\":\"de\"},{\"@type\":\"Organization\",\"@id\":\"https:\/\/capovaticanospiaggia.it\/de\/#organization\",\"name\":\"Mondo Blu Diving\",\"url\":\"https:\/\/capovaticanospiaggia.it\/de\/\",\"logo\":{\"@type\":\"ImageObject\",\"inLanguage\":\"de\",\"@id\":\"https:\/\/capovaticanospiaggia.it\/de\/#\/schema\/logo\/image\/\",\"url\":\"https:\/\/capovaticanospiaggia.it\/wp-content\/uploads\/2020\/05\/Logo-Mondo-Blu-Diving.png\",\"contentUrl\":\"https:\/\/capovaticanospiaggia.it\/wp-content\/uploads\/2020\/05\/Logo-Mondo-Blu-Diving.png\",\"width\":108,\"height\":83,\"caption\":\"Mondo Blu Diving\"},\"image\":{\"@id\":\"https:\/\/capovaticanospiaggia.it\/de\/#\/schema\/logo\/image\/\"},\"sameAs\":[\"https:\/\/www.facebook.com\/mondobludivingcenter\/\"]}]}<\/script>\n<!-- \/ Yoast SEO plugin. -->","yoast_head_json":{"title":"Nachrichten - Capo Vaticano spiaggia - le escursioni pi&ugrave; belle a Capo Vaticano","robots":{"index":"index","follow":"follow","max-snippet":"max-snippet:-1","max-image-preview":"max-image-preview:large","max-video-preview":"max-video-preview:-1"},"canonical":"https:\/\/capovaticanospiaggia.it\/de\/nachrichten\/","og_locale":"de_DE","og_type":"article","og_title":"Nachrichten - Capo Vaticano spiaggia - le escursioni pi&ugrave; belle a Capo Vaticano","og_url":"https:\/\/capovaticanospiaggia.it\/de\/nachrichten\/","og_site_name":"Capo Vaticano spiaggia - le escursioni pi&ugrave; belle a Capo Vaticano","article_publisher":"https:\/\/www.facebook.com\/mondobludivingcenter\/","article_modified_time":"2025-04-13T22:11:25+00:00","twitter_card":"summary_large_image","twitter_misc":{"Gesch\u00e4tzte Lesezeit":"3\u00a0Minuten"},"schema":{"@context":"https:\/\/schema.org","@graph":[{"@type":"WebPage","@id":"https:\/\/capovaticanospiaggia.it\/de\/nachrichten\/","url":"https:\/\/capovaticanospiaggia.it\/de\/nachrichten\/","name":"Nachrichten - Capo Vaticano spiaggia - le escursioni pi&ugrave; belle a Capo Vaticano","isPartOf":{"@id":"https:\/\/capovaticanospiaggia.it\/de\/#website"},"datePublished":"2020-03-23T11:02:02+00:00","dateModified":"2025-04-13T22:11:25+00:00","inLanguage":"de","potentialAction":[{"@type":"ReadAction","target":["https:\/\/capovaticanospiaggia.it\/de\/nachrichten\/"]}]},{"@type":"WebSite","@id":"https:\/\/capovaticanospiaggia.it\/de\/#website","url":"https:\/\/capovaticanospiaggia.it\/de\/","name":"Capo Vaticano spiaggia - le escursioni pi\u00f9 belle a Capo Vaticano","description":"Le spiagge e le escursioni pi\u00f9 belle a Capo Vaticano","publisher":{"@id":"https:\/\/capovaticanospiaggia.it\/de\/#organization"},"potentialAction":[{"@type":"SearchAction","target":{"@type":"EntryPoint","urlTemplate":"https:\/\/capovaticanospiaggia.it\/de\/?s={search_term_string}"},"query-input":{"@type":"PropertyValueSpecification","valueRequired":true,"valueName":"search_term_string"}}],"inLanguage":"de"},{"@type":"Organization","@id":"https:\/\/capovaticanospiaggia.it\/de\/#organization","name":"Mondo Blu Diving","url":"https:\/\/capovaticanospiaggia.it\/de\/","logo":{"@type":"ImageObject","inLanguage":"de","@id":"https:\/\/capovaticanospiaggia.it\/de\/#\/schema\/logo\/image\/","url":"https:\/\/capovaticanospiaggia.it\/wp-content\/uploads\/2020\/05\/Logo-Mondo-Blu-Diving.png","contentUrl":"https:\/\/capovaticanospiaggia.it\/wp-content\/uploads\/2020\/05\/Logo-Mondo-Blu-Diving.png","width":108,"height":83,"caption":"Mondo Blu Diving"},"image":{"@id":"https:\/\/capovaticanospiaggia.it\/de\/#\/schema\/logo\/image\/"},"sameAs":["https:\/\/www.facebook.com\/mondobludivingcenter\/"]}]}},"_links":{"self":[{"href":"https:\/\/capovaticanospiaggia.it\/de\/wp-json\/wp\/v2\/pages\/1473","targetHints":{"allow":["GET"]}}],"collection":[{"href":"https:\/\/capovaticanospiaggia.it\/de\/wp-json\/wp\/v2\/pages"}],"about":[{"href":"https:\/\/capovaticanospiaggia.it\/de\/wp-json\/wp\/v2\/types\/page"}],"author":[{"embeddable":true,"href":"https:\/\/capovaticanospiaggia.it\/de\/wp-json\/wp\/v2\/users\/1"}],"replies":[{"embeddable":true,"href":"https:\/\/capovaticanospiaggia.it\/de\/wp-json\/wp\/v2\/comments?post=1473"}],"version-history":[{"count":3,"href":"https:\/\/capovaticanospiaggia.it\/de\/wp-json\/wp\/v2\/pages\/1473\/revisions"}],"predecessor-version":[{"id":3358,"href":"https:\/\/capovaticanospiaggia.it\/de\/wp-json\/wp\/v2\/pages\/1473\/revisions\/3358"}],"wp:attachment":[{"href":"https:\/\/capovaticanospiaggia.it\/de\/wp-json\/wp\/v2\/media?parent=1473"}],"curies":[{"name":"wp","href":"https:\/\/api.w.org\/{rel}","templated":true}]}}